{"id":5095,"date":"2015-09-09T02:49:46","date_gmt":"2015-09-09T02:49:46","guid":{"rendered":"http:\/\/www.expotransporte.com.ar\/home\/"},"modified":"2026-04-28T10:12:42","modified_gmt":"2026-04-28T13:12:42","slug":"home","status":"publish","type":"page","link":"https:\/\/www.expotransporte.com.ar\/br\/","title":{"rendered":"Home"},"content":{"rendered":"<div class=\"wpb-content-wrapper\"><p>[vc_row full_width=&#8221;stretch_row_content_no_spaces&#8221; css=&#8221;.vc_custom_1713273726308{padding-top: 0px !important;padding-bottom: 0px !important;background-position: 0 0 !important;background-repeat: no-repeat !important;}&#8221;][vc_column css=&#8221;.vc_custom_1713273737365{padding-top: 0px !important;}&#8221; offset=&#8221;vc_hidden-lg vc_hidden-md vc_hidden-sm&#8221;]\r\n    <header class=\"tz-headerHome tz-homeType1  tz-homeTypeFixed\" data-option=\"1\">\r\n\r\n        <div id=\"Tz-provokeMe\">\r\n\r\n            \r\n                    <div class=\"tz_meetup_header_option\">\r\n                        <div class=\"container\">\r\n                            <div class=\"row\">\r\n\r\n                                \r\n                                    <div class=\"col-lg-6 col-md-6 col-sm-12 col-xs-12\">\r\n                                        <div class=\"tz_meetup_header_option_phone\">\r\n\r\n                                            \r\n                                                \r\n                                                    <span>\r\n                                                        <img decoding=\"async\" src=\"https:\/\/www.expotransporte.com.ar\/wp-content\/themes\/expoclean\/images\/phone.png\" alt=\"phone\">\r\n\r\n                                                            +54 11 4779-5300\r\n                                                    <\/span>\r\n\r\n                                                \r\n                                                \r\n                                                    <span>\r\n                                                        <img decoding=\"async\" src=\"https:\/\/www.expotransporte.com.ar\/wp-content\/themes\/expoclean\/images\/email_meetup.png\" alt=\"email\">\r\n                                                        <a href=\"mailto: transporte@expotrade.com.ar\">\r\n\r\n                                                             transporte@expotrade.com.ar                                                        <\/a>\r\n                                                    <\/span>\r\n\r\n                                                \r\n                                            \r\n                                        <\/div>\r\n                                    <\/div>\r\n\r\n                                \r\n                                \r\n                                    <div class=\"col-lg-6 col-md-6 col-sm-12 col-xs-12\">\r\n                                        <div class=\"tz-headerRight\">\r\n\r\n                                            <ul>\r\n            <li>\r\n                <a target=\"_blank\" href=\"https:\/\/www.facebook.com\/expotransporteyexpologisitik\"><i class=\"fa fa-facebook\"><\/i><\/a>\r\n            <\/li>\r\n\r\n            \r\n            <li>\r\n                <a target=\"_blank\" href=\"https:\/\/www.instagram.com\/expotransporteyexpologistik\"><i class=\"fa fa-instagram\"><\/i><\/a>\r\n            <\/li>\r\n\r\n            \r\n            <li>\r\n                <a target=\"_blank\" href=\"https:\/\/api.whatsapp.com\/send?phone=5491169509333\"><i class=\"fa fa-whatsapp\"><\/i><\/a>\r\n            <\/li>\r\n\r\n            \r\n            <li>\r\n                <a target=\"_blank\" href=\"https:\/\/www.linkedin.com\/showcase\/expotransporteyexpologistik\"><i class=\"fa fa-linkedin\"><\/i><\/a>\r\n            <\/li>\r\n\r\n            <\/ul>\r\n                                        <\/div>\r\n                                    <\/div>\r\n\r\n                                \r\n                            <\/div>\r\n                        <\/div>\r\n                    <\/div>\r\n\r\n            \r\n            <div class=\"tz-header-content\" >\r\n                <div class=\"container\">\r\n                    <div class=\"tzHeaderContainer\">\r\n\r\n                        \r\n                            <a class=\"pull-left tz_logo\" href=\"https:\/\/www.expotransporte.com.ar\/br\/\" title=\"Expo Transporte\">\r\n\r\n                                \r\n                                        <img decoding=\"async\" class=\"logo_lager\" src=\"https:\/\/www.expotransporte.com.ar\/wp-content\/uploads\/2017\/02\/logos_TP-bya-1.png \" alt=\"Expo Transporte\" \/>\r\n\r\n                                    \r\n                            <\/a>\r\n\r\n                        \r\n                        <div class=\"tzHeaderMenu_nav\">\r\n                            <button type=\"button\" class=\"navbar-toggle collapsed\" data-toggle=\"collapse\" data-target=\"#tz-navbar-collapse\">\r\n                                <i class=\"fa fa-bars\"><\/i>\r\n                            <\/button>\r\n\r\n                            \r\n                            \r\n                                    <button class=\"pull-right tz-search\">\r\n                                        <i class=\"fa fa-search\"><\/i>\r\n                                    <\/button>\r\n\r\n                            \r\n                            <nav class=\"pull-right tz_speed_one_page\" data-speed-one-page=\"2200\">\r\n\r\n                                <ul id=\"tz-navbar-collapse\" class=\"nav navbar-nav collapse navbar-collapse pull-left tz-nav tz_nav_one_page themeple_megemenu\"><li class=\"menu-item menu-item-type-custom menu-item-object-custom menu-item-has-children\"><a href=\"#\">INFORMA\u00c7\u00c3O<\/a>\n\n\n<ul class=\"sub-menu non_mega_menu\">\n\t<li class=\"menu-item menu-item-type-post_type menu-item-object-page\"><a href=\"https:\/\/www.expotransporte.com.ar\/br\/a-expo-em-numeros\/\">A Expo em N\u00fameros<\/a><\/li>\n\t<li class=\"menu-item menu-item-type-post_type menu-item-object-page\"><a href=\"https:\/\/www.expotransporte.com.ar\/br\/como-chegar\/\">Como Chegar<\/a><\/li>\n\t<li class=\"menu-item menu-item-type-post_type menu-item-object-page\"><a href=\"https:\/\/www.expotransporte.com.ar\/br\/plano-de-la-expo\/\">Plano de la Expo \u2013 Exhibition Floorplan<\/a><\/li>\n<\/ul>\n<\/li>\n<li class=\"menu-item menu-item-type-custom menu-item-object-custom menu-item-has-children\"><a href=\"#\">Expositores<\/a>\n\n\n<ul class=\"sub-menu non_mega_menu\">\n\t<li class=\"menu-item menu-item-type-post_type menu-item-object-page\"><a href=\"https:\/\/www.expotransporte.com.ar\/br\/brochure\/\">Brochure<\/a><\/li>\n\t<li class=\"menu-item menu-item-type-post_type menu-item-object-page\"><a href=\"https:\/\/www.expotransporte.com.ar\/br\/perfil-del-expositor\/\">Perfil del Expositor<\/a><\/li>\n\t<li class=\"menu-item menu-item-type-post_type menu-item-object-page\"><a href=\"https:\/\/www.expotransporte.com.ar\/br\/testemunho-expositores\/\">Testemunho dos Expositores<\/a><\/li>\n\t<li class=\"menu-item menu-item-type-custom menu-item-object-custom\"><a href=\"http:\/\/manual.expotransporte.com.ar\">Manual do Expositor<\/a><\/li>\n\t<li class=\"menu-item menu-item-type-custom menu-item-object-custom\"><a href=\"https:\/\/reglamento.expotrade.com.ar\">Regulamento<\/a><\/li>\n<\/ul>\n<\/li>\n<li class=\"menu-item menu-item-type-custom menu-item-object-custom menu-item-has-children\"><a href=\"#\">Visitantes<\/a>\n\n\n<ul class=\"sub-menu non_mega_menu\">\n\t<li class=\"menu-item menu-item-type-post_type menu-item-object-page\"><a href=\"https:\/\/www.expotransporte.com.ar\/br\/perfil-del-visitante\/\">Perfil do Visitante<\/a><\/li>\n\t<li class=\"menu-item menu-item-type-post_type menu-item-object-page\"><a href=\"https:\/\/www.expotransporte.com.ar\/br\/ciclo-de-conferencias\/\">Agenda de Conferencias<\/a><\/li>\n\t<li class=\"menu-item menu-item-type-custom menu-item-object-custom\"><a href=\"#\">Cat\u00e1logo Online<\/a><\/li>\n\t<li class=\"menu-item menu-item-type-custom menu-item-object-custom\"><a target=\"_blank\" href=\"https:\/\/acreditacion.expotransporte.com.ar\/web\">Acredita\u00e7\u00e3o previa<\/a><\/li>\n<\/ul>\n<\/li>\n<li class=\"menu-item menu-item-type-custom menu-item-object-custom menu-item-has-children\"><a href=\"#\">Galeria<\/a>\n\n\n<ul class=\"sub-menu non_mega_menu\">\n\t<li class=\"menu-item menu-item-type-post_type menu-item-object-page\"><a href=\"https:\/\/www.expotransporte.com.ar\/br\/galeria\/\">Galeria de fotos<\/a><\/li>\n\t<li class=\"menu-item menu-item-type-post_type menu-item-object-page\"><a href=\"https:\/\/www.expotransporte.com.ar\/br\/galeria-2\/\">Videos<\/a><\/li>\n<\/ul>\n<\/li>\n<li class=\"menu-item menu-item-type-post_type menu-item-object-page\"><a href=\"https:\/\/www.expotransporte.com.ar\/br\/imprensa\/\">Imprensa<\/a><\/li>\n<li class=\"menu-item menu-item-type-custom menu-item-object-custom\"><a target=\"_blank\" href=\"https:\/\/www.infotyl.com.ar\/category\/webinars\/\">Webinars<\/a><\/li>\n<li class=\"menu-item menu-item-type-custom menu-item-object-custom\"><a target=\"_blank\" href=\"http:\/\/www.expotrade.com.ar\/it\/\">Info T&#038;L<\/a><\/li>\n<li class=\"menu-item menu-item-type-post_type menu-item-object-page\"><a href=\"https:\/\/www.expotransporte.com.ar\/br\/contato\/\">Contato<\/a><\/li>\n<li class=\"menu-item-language menu-item-language-current menu-item wpml-ls-slot-23 wpml-ls-item wpml-ls-item-br wpml-ls-current-language wpml-ls-menu-item wpml-ls-last-item menu-item-type-wpml_ls_menu_item menu-item-object-wpml_ls_menu_item menu-item-has-children\"><a title=\"Portugu\u00eas\" href=\"https:\/\/www.expotransporte.com.ar\/br\/\"><img decoding=\"async\"\n            class=\"wpml-ls-flag\"\n            src=\"https:\/\/www.expotransporte.com.ar\/wp-content\/plugins\/sitepress-multilingual-cms\/res\/flags\/br.png\"\n            alt=\"\"\n            \n            \n    \/><span class=\"wpml-ls-native\" lang=\"br\">Portugu\u00eas<\/span><\/a>\n\n\n<ul class=\"sub-menu non_mega_menu\">\n\t<li class=\"menu-item-language menu-item wpml-ls-slot-23 wpml-ls-item wpml-ls-item-en wpml-ls-menu-item wpml-ls-first-item menu-item-type-wpml_ls_menu_item menu-item-object-wpml_ls_menu_item\"><a title=\"English\" href=\"https:\/\/www.expotransporte.com.ar\/en\/\"><img decoding=\"async\"\n            class=\"wpml-ls-flag\"\n            src=\"https:\/\/www.expotransporte.com.ar\/wp-content\/plugins\/sitepress-multilingual-cms\/res\/flags\/en.png\"\n            alt=\"\"\n            \n            \n    \/><span class=\"wpml-ls-native\" lang=\"en\">English<\/span><\/a><\/li>\n\t<li class=\"menu-item-language menu-item wpml-ls-slot-23 wpml-ls-item wpml-ls-item-es wpml-ls-menu-item menu-item-type-wpml_ls_menu_item menu-item-object-wpml_ls_menu_item\"><a title=\"Espa\u00f1ol\" href=\"https:\/\/www.expotransporte.com.ar\/\"><img decoding=\"async\"\n            class=\"wpml-ls-flag\"\n            src=\"https:\/\/www.expotransporte.com.ar\/wp-content\/uploads\/flags\/ar.alt.png\"\n            alt=\"\"\n            \n            \n    \/><span class=\"wpml-ls-native\" lang=\"es\">Espa\u00f1ol<\/span><\/a><\/li>\n<\/ul>\n<\/li>\n<\/ul>\r\n                            <\/nav>\r\n                        <\/div>\r\n\r\n                        \r\n                                <!-- Form search start -->\r\n                                <div class=\"tz-form-search\">\r\n                                    <div class=\"container\">\r\n                                            <form method=\"get\" class=\"searchform\" action=\"https:\/\/www.expotransporte.com.ar\/br\/\">\n        <label class=\"icon-search tziconsearch\">&nbsp;<\/label>\n        <label class=\"assistive-text assistive-tzsearch tzsearchlabel\">Search<\/label>\n        <input type=\"text\" class=\"field Tzsearchform inputbox search-query Tzsearchform\" name=\"s\" placeholder=\"Search...\" \/>\n        <input type=\"submit\" class=\"submit searchsubmit Tzsearchsubmit\" name=\"submit\" value=\"Search\" \/>\n        <i class=\"fa fa-search tz-icon-form-search\"><\/i>\n        <i class=\"fa fa-times tz-form-close\"><\/i>\n    <\/form>\n                                    <\/div>\r\n                                <\/div>\r\n                                <!-- Form search end -->\r\n\r\n                                \r\n                    <\/div>\r\n                <\/div>\r\n            <\/div>\r\n\r\n        <\/div><!--end class container-->\r\n\r\n    <\/header>\r\n\r\n    \r\n    \r\n\r\n    <div class=\"tz_home_slider_meetup\"  data-type-slider=\"slider_img\"  data-auto-slider=\"0\" data-slider-modem=\"fade\" data-slider-speed=\"6000\" data-speed-slider=\"1000\" data-pager=\"0\">\r\n\r\n        \r\n            <div class=\"meetup_bl_slider_home\" ><\/div>\r\n\r\n        \r\n        <div id=\"slides\">\r\n\r\n            <div class=\"slides-container\">\r\n\r\n                \r\n                    <div class=\"tz_slides_imgaes\">\r\n\r\n\r\n                        <img loading=\"lazy\" decoding=\"async\" width=\"2560\" height=\"1707\" src=\"https:\/\/www.expotransporte.com.ar\/wp-content\/uploads\/2025\/07\/035A1430-Custom-1-scaled-e1751894401542.jpg\" class=\"attachment-full size-full\" alt=\"\" \/>\r\n                    <\/div>\r\n\r\n                \r\n            <\/div>\r\n\r\n            \r\n        <\/div>\r\n\r\n        <div class=\"tz_content_slider_meetup \">\r\n\r\n            \r\n            \r\n            \r\n                <div class=\"tz_meetup_slider_home_text\">\r\n\r\n                    <h5><span style=\"color: #ffffff;\">11-13 de agosto 2026 | 14 \u00e0s 20h<\/span><br \/>\n<span style=\"color: #ffffff;\">La Rural &#8211; Buenos Aires<\/span><\/h5>\n<h1 style=\"font-size: 30px; color: #fff;\"><span style=\"color: #ffffff;\"><strong>Expo Transporte<\/strong><\/span><\/h1>\n<h5><span style=\"color: #ffffff;\">14\u00b0 Exposi\u00e7\u00e3o internacional de equipamento e tecnologia do carro transporte de carga e passageiros<\/span><\/h5>\n\r\n                <\/div>\r\n\r\n            \r\n            \r\n            \r\n                <div class=\"tz_slider_meetup_btn\">\r\n                    <ul class=\"tz_slider_home_btn_click tz_slider_home_btn_click_one_page\">\r\n\r\n                        \r\n                            <li>\r\n                                <a class=\"tz_slider_meetup_btn_1 shape_btn_round\" href=\"https:\/\/acreditacion.expotransporte.com.ar\/web\">\r\n                                    PRE-ACREDITA\u00c7\u00c3O                                <\/a>\r\n                            <\/li>\r\n\r\n                        \r\n                                                    <li>\r\n                                <a class=\"tz_slider_meetup_btn_1 tz_slider_meetup_btn_2 shape_btn_round\" href=\"http:\/\/www.expotransporte.com.ar\/#about\">\r\n                                    VEJA MAIS                                <\/a>\r\n                            <\/li>\r\n\r\n\r\n                        \r\n                    <\/ul>\r\n                <\/div>\r\n\r\n            \r\n        <\/div>\r\n    <\/div>\r\n\r\n[\/vc_column][\/vc_row][vc_row full_width=&#8221;stretch_row_content_no_spaces&#8221; css=&#8221;.vc_custom_1467965637965{padding-top: 0px !important;padding-bottom: 0px !important;background-position: 0 0 !important;background-repeat: no-repeat !important;}&#8221; el_id=&#8221;home&#8221;][vc_column css=&#8221;.vc_custom_1713273828242{padding-top: 0px !important;}&#8221; offset=&#8221;vc_hidden-xs&#8221;]\r\n    <header class=\"tz-headerHome tz-homeType1  tz-homeTypeFixed\" data-option=\"1\">\r\n\r\n        <div id=\"Tz-provokeMe\">\r\n\r\n            \r\n                    <div class=\"tz_meetup_header_option\">\r\n                        <div class=\"container\">\r\n                            <div class=\"row\">\r\n\r\n                                \r\n                                    <div class=\"col-lg-6 col-md-6 col-sm-12 col-xs-12\">\r\n                                        <div class=\"tz_meetup_header_option_phone\">\r\n\r\n                                            \r\n                                                \r\n                                                    <span>\r\n                                                        <img decoding=\"async\" src=\"https:\/\/www.expotransporte.com.ar\/wp-content\/themes\/expoclean\/images\/phone.png\" alt=\"phone\">\r\n\r\n                                                            +54 11 4779-5300\r\n                                                    <\/span>\r\n\r\n                                                \r\n                                                \r\n                                                    <span>\r\n                                                        <img decoding=\"async\" src=\"https:\/\/www.expotransporte.com.ar\/wp-content\/themes\/expoclean\/images\/email_meetup.png\" alt=\"email\">\r\n                                                        <a href=\"mailto: transporte@expotrade.com.ar\">\r\n\r\n                                                             transporte@expotrade.com.ar                                                        <\/a>\r\n                                                    <\/span>\r\n\r\n                                                \r\n                                            \r\n                                        <\/div>\r\n                                    <\/div>\r\n\r\n                                \r\n                                \r\n                                    <div class=\"col-lg-6 col-md-6 col-sm-12 col-xs-12\">\r\n                                        <div class=\"tz-headerRight\">\r\n\r\n                                            <ul>\r\n            <li>\r\n                <a target=\"_blank\" href=\"https:\/\/www.facebook.com\/expotransporteyexpologisitik\"><i class=\"fa fa-facebook\"><\/i><\/a>\r\n            <\/li>\r\n\r\n            \r\n            <li>\r\n                <a target=\"_blank\" href=\"https:\/\/www.instagram.com\/expotransporteyexpologistik\"><i class=\"fa fa-instagram\"><\/i><\/a>\r\n            <\/li>\r\n\r\n            \r\n            <li>\r\n                <a target=\"_blank\" href=\"https:\/\/api.whatsapp.com\/send?phone=5491169509333\"><i class=\"fa fa-whatsapp\"><\/i><\/a>\r\n            <\/li>\r\n\r\n            \r\n            <li>\r\n                <a target=\"_blank\" href=\"https:\/\/www.linkedin.com\/showcase\/expotransporteyexpologistik\"><i class=\"fa fa-linkedin\"><\/i><\/a>\r\n            <\/li>\r\n\r\n            <\/ul>\r\n                                        <\/div>\r\n                                    <\/div>\r\n\r\n                                \r\n                            <\/div>\r\n                        <\/div>\r\n                    <\/div>\r\n\r\n            \r\n            <div class=\"tz-header-content\" >\r\n                <div class=\"container\">\r\n                    <div class=\"tzHeaderContainer\">\r\n\r\n                        \r\n                            <a class=\"pull-left tz_logo\" href=\"https:\/\/www.expotransporte.com.ar\/br\/\" title=\"Expo Transporte\">\r\n\r\n                                \r\n                                        <img decoding=\"async\" class=\"logo_lager\" src=\"https:\/\/www.expotransporte.com.ar\/wp-content\/uploads\/2017\/02\/logos_TP-bya-1.png \" alt=\"Expo Transporte\" \/>\r\n\r\n                                    \r\n                            <\/a>\r\n\r\n                        \r\n                        <div class=\"tzHeaderMenu_nav\">\r\n                            <button type=\"button\" class=\"navbar-toggle collapsed\" data-toggle=\"collapse\" data-target=\"#tz-navbar-collapse\">\r\n                                <i class=\"fa fa-bars\"><\/i>\r\n                            <\/button>\r\n\r\n                            \r\n                            \r\n                                    <button class=\"pull-right tz-search\">\r\n                                        <i class=\"fa fa-search\"><\/i>\r\n                                    <\/button>\r\n\r\n                            \r\n                            <nav class=\"pull-right tz_speed_one_page\" data-speed-one-page=\"2200\">\r\n\r\n                                <ul id=\"tz-navbar-collapse\" class=\"nav navbar-nav collapse navbar-collapse pull-left tz-nav tz_nav_one_page themeple_megemenu\"><li class=\"menu-item menu-item-type-custom menu-item-object-custom menu-item-has-children\"><a href=\"#\">INFORMA\u00c7\u00c3O<\/a>\n\n\n<ul class=\"sub-menu non_mega_menu\">\n\t<li class=\"menu-item menu-item-type-post_type menu-item-object-page\"><a href=\"https:\/\/www.expotransporte.com.ar\/br\/a-expo-em-numeros\/\">A Expo em N\u00fameros<\/a><\/li>\n\t<li class=\"menu-item menu-item-type-post_type menu-item-object-page\"><a href=\"https:\/\/www.expotransporte.com.ar\/br\/como-chegar\/\">Como Chegar<\/a><\/li>\n\t<li class=\"menu-item menu-item-type-post_type menu-item-object-page\"><a href=\"https:\/\/www.expotransporte.com.ar\/br\/plano-de-la-expo\/\">Plano de la Expo \u2013 Exhibition Floorplan<\/a><\/li>\n<\/ul>\n<\/li>\n<li class=\"menu-item menu-item-type-custom menu-item-object-custom menu-item-has-children\"><a href=\"#\">Expositores<\/a>\n\n\n<ul class=\"sub-menu non_mega_menu\">\n\t<li class=\"menu-item menu-item-type-post_type menu-item-object-page\"><a href=\"https:\/\/www.expotransporte.com.ar\/br\/brochure\/\">Brochure<\/a><\/li>\n\t<li class=\"menu-item menu-item-type-post_type menu-item-object-page\"><a href=\"https:\/\/www.expotransporte.com.ar\/br\/perfil-del-expositor\/\">Perfil del Expositor<\/a><\/li>\n\t<li class=\"menu-item menu-item-type-post_type menu-item-object-page\"><a href=\"https:\/\/www.expotransporte.com.ar\/br\/testemunho-expositores\/\">Testemunho dos Expositores<\/a><\/li>\n\t<li class=\"menu-item menu-item-type-custom menu-item-object-custom\"><a href=\"http:\/\/manual.expotransporte.com.ar\">Manual do Expositor<\/a><\/li>\n\t<li class=\"menu-item menu-item-type-custom menu-item-object-custom\"><a href=\"https:\/\/reglamento.expotrade.com.ar\">Regulamento<\/a><\/li>\n<\/ul>\n<\/li>\n<li class=\"menu-item menu-item-type-custom menu-item-object-custom menu-item-has-children\"><a href=\"#\">Visitantes<\/a>\n\n\n<ul class=\"sub-menu non_mega_menu\">\n\t<li class=\"menu-item menu-item-type-post_type menu-item-object-page\"><a href=\"https:\/\/www.expotransporte.com.ar\/br\/perfil-del-visitante\/\">Perfil do Visitante<\/a><\/li>\n\t<li class=\"menu-item menu-item-type-post_type menu-item-object-page\"><a href=\"https:\/\/www.expotransporte.com.ar\/br\/ciclo-de-conferencias\/\">Agenda de Conferencias<\/a><\/li>\n\t<li class=\"menu-item menu-item-type-custom menu-item-object-custom\"><a href=\"#\">Cat\u00e1logo Online<\/a><\/li>\n\t<li class=\"menu-item menu-item-type-custom menu-item-object-custom\"><a target=\"_blank\" href=\"https:\/\/acreditacion.expotransporte.com.ar\/web\">Acredita\u00e7\u00e3o previa<\/a><\/li>\n<\/ul>\n<\/li>\n<li class=\"menu-item menu-item-type-custom menu-item-object-custom menu-item-has-children\"><a href=\"#\">Galeria<\/a>\n\n\n<ul class=\"sub-menu non_mega_menu\">\n\t<li class=\"menu-item menu-item-type-post_type menu-item-object-page\"><a href=\"https:\/\/www.expotransporte.com.ar\/br\/galeria\/\">Galeria de fotos<\/a><\/li>\n\t<li class=\"menu-item menu-item-type-post_type menu-item-object-page\"><a href=\"https:\/\/www.expotransporte.com.ar\/br\/galeria-2\/\">Videos<\/a><\/li>\n<\/ul>\n<\/li>\n<li class=\"menu-item menu-item-type-post_type menu-item-object-page\"><a href=\"https:\/\/www.expotransporte.com.ar\/br\/imprensa\/\">Imprensa<\/a><\/li>\n<li class=\"menu-item menu-item-type-custom menu-item-object-custom\"><a target=\"_blank\" href=\"https:\/\/www.infotyl.com.ar\/category\/webinars\/\">Webinars<\/a><\/li>\n<li class=\"menu-item menu-item-type-custom menu-item-object-custom\"><a target=\"_blank\" href=\"http:\/\/www.expotrade.com.ar\/it\/\">Info T&#038;L<\/a><\/li>\n<li class=\"menu-item menu-item-type-post_type menu-item-object-page\"><a href=\"https:\/\/www.expotransporte.com.ar\/br\/contato\/\">Contato<\/a><\/li>\n<li class=\"menu-item-language menu-item-language-current menu-item wpml-ls-slot-23 wpml-ls-item wpml-ls-item-br wpml-ls-current-language wpml-ls-menu-item wpml-ls-last-item menu-item-type-wpml_ls_menu_item menu-item-object-wpml_ls_menu_item menu-item-has-children\"><a title=\"Portugu\u00eas\" href=\"https:\/\/www.expotransporte.com.ar\/br\/\"><img decoding=\"async\"\n            class=\"wpml-ls-flag\"\n            src=\"https:\/\/www.expotransporte.com.ar\/wp-content\/plugins\/sitepress-multilingual-cms\/res\/flags\/br.png\"\n            alt=\"\"\n            \n            \n    \/><span class=\"wpml-ls-native\" lang=\"br\">Portugu\u00eas<\/span><\/a>\n\n\n<ul class=\"sub-menu non_mega_menu\">\n\t<li class=\"menu-item-language menu-item wpml-ls-slot-23 wpml-ls-item wpml-ls-item-en wpml-ls-menu-item wpml-ls-first-item menu-item-type-wpml_ls_menu_item menu-item-object-wpml_ls_menu_item\"><a title=\"English\" href=\"https:\/\/www.expotransporte.com.ar\/en\/\"><img decoding=\"async\"\n            class=\"wpml-ls-flag\"\n            src=\"https:\/\/www.expotransporte.com.ar\/wp-content\/plugins\/sitepress-multilingual-cms\/res\/flags\/en.png\"\n            alt=\"\"\n            \n            \n    \/><span class=\"wpml-ls-native\" lang=\"en\">English<\/span><\/a><\/li>\n\t<li class=\"menu-item-language menu-item wpml-ls-slot-23 wpml-ls-item wpml-ls-item-es wpml-ls-menu-item menu-item-type-wpml_ls_menu_item menu-item-object-wpml_ls_menu_item\"><a title=\"Espa\u00f1ol\" href=\"https:\/\/www.expotransporte.com.ar\/\"><img decoding=\"async\"\n            class=\"wpml-ls-flag\"\n            src=\"https:\/\/www.expotransporte.com.ar\/wp-content\/uploads\/flags\/ar.alt.png\"\n            alt=\"\"\n            \n            \n    \/><span class=\"wpml-ls-native\" lang=\"es\">Espa\u00f1ol<\/span><\/a><\/li>\n<\/ul>\n<\/li>\n<\/ul>\r\n                            <\/nav>\r\n                        <\/div>\r\n\r\n                        \r\n                                <!-- Form search start -->\r\n                                <div class=\"tz-form-search\">\r\n                                    <div class=\"container\">\r\n                                            <form method=\"get\" class=\"searchform\" action=\"https:\/\/www.expotransporte.com.ar\/br\/\">\n        <label class=\"icon-search tziconsearch\">&nbsp;<\/label>\n        <label class=\"assistive-text assistive-tzsearch tzsearchlabel\">Search<\/label>\n        <input type=\"text\" class=\"field Tzsearchform inputbox search-query Tzsearchform\" name=\"s\" placeholder=\"Search...\" \/>\n        <input type=\"submit\" class=\"submit searchsubmit Tzsearchsubmit\" name=\"submit\" value=\"Search\" \/>\n        <i class=\"fa fa-search tz-icon-form-search\"><\/i>\n        <i class=\"fa fa-times tz-form-close\"><\/i>\n    <\/form>\n                                    <\/div>\r\n                                <\/div>\r\n                                <!-- Form search end -->\r\n\r\n                                \r\n                    <\/div>\r\n                <\/div>\r\n            <\/div>\r\n\r\n        <\/div><!--end class container-->\r\n\r\n    <\/header>\r\n\r\n    \r\n    \r\n<style id=\"depicter-27-inline-pre-css\">\n\n.depicter-revert.depicter-27{\n\tbackground-color:#000000;\n}\n\n<\/style>\n<div id=\"depicter-27\" class=\"depicter depicter-document depicter-revert depicter-27 depicter-layout-fullscreen\">\n\n<div class=\"depicter-loading-container depicter-loading dotFlashing-dark\"><div class=\"depicter-loading-dark depicter-dot-flashing\">\n   <span><\/span>\n   <span><\/span>\n   <span><\/span>\n<\/div>\n<\/div>\n<div id=\"depicter-27-section-3\" class=\"depicter-section depicter-27-section-3\" data-name=\"Slide 2\" data-type=\"section\" data-local-id=\"section-3\" data-slideshow-duration=\"80\">\n<div data-autoplay=\"true\" data-auto-pause=\"false\" data-loop=\"true\" data-player-type=\"native\" data-muted=\"true\" data-controls data-video-src=\"https:\/\/www.expotransporte.com.ar\/wp-content\/uploads\/2023\/11\/TP2.mp4\" id=\"depicter-27-element-39\" class=\"depicter-element depicter-layer depicter-27-element-39\" data-type=\"video\" data-wrap=\"true\" data-name=\"Video 2\" data-local-id=\"element-39\" data-offset=\"x:0px;y:0px;origin:tl\" data-width=\"1920px,,\" data-height=\"auto,,\" data-responsive-scale=\"true,,\"><\/div>\n\n<picture id=\"depicter-27-element-13\" class=\"depicter-element depicter-layer depicter-27-element-13\" data-type=\"image\" data-wrap=\"true\" data-name=\"Image 4\" data-local-id=\"element-13\" data-offset=\"x:0px;y:0px;origin:tl\" data-tablet-offset=\"x:0px;y:0px;origin:tl\" data-mobile-offset=\"x:0px;y:0px;origin:tl\" data-width=\"1920px,1024px,360px\" data-height=\"1080px,700px,740px\" data-responsive-scale=\"true,,\" data-crop=\"false\">\n<source data-depicter-srcset=\"https:\/\/www.expotransporte.com.ar\/wp-content\/uploads\/2017\/02\/kk-1-360x740.png, https:\/\/www.expotransporte.com.ar\/wp-content\/uploads\/2017\/02\/kk-1-720x1480.png 2x\" srcset=\"data:image\/gif;base64,R0lGODlhAQABAIAAAAAAAP\/\/\/yH5BAEAAAAALAAAAAABAAEAAAIBRAA7\" media=\"(max-width: 767px)\" \/>\n\n<source data-depicter-srcset=\"https:\/\/www.expotransporte.com.ar\/wp-content\/uploads\/2017\/02\/kk-1-1024x700.png, https:\/\/www.expotransporte.com.ar\/wp-content\/uploads\/2017\/02\/kk-1-2048x1400.png 2x\" srcset=\"data:image\/gif;base64,R0lGODlhAQABAIAAAAAAAP\/\/\/yH5BAEAAAAALAAAAAABAAEAAAIBRAA7\" media=\"(max-width: 1024px)\" \/>\n\n<source data-depicter-srcset=\"https:\/\/www.expotransporte.com.ar\/wp-content\/uploads\/2017\/02\/kk-1-1920x1080.png, https:\/\/www.expotransporte.com.ar\/wp-content\/uploads\/2017\/02\/kk-1-3840x2160.png 2x\" srcset=\"data:image\/gif;base64,R0lGODlhAQABAIAAAAAAAP\/\/\/yH5BAEAAAAALAAAAAABAAEAAAIBRAA7\" media=\"(min-width: 1025px)\" \/>\n<img decoding=\"async\" src=\"data:image\/gif;base64,R0lGODlhAQABAIAAAAAAAP\/\/\/yH5BAEAAAAALAAAAAABAAEAAAIBRAA7\" data-depicter-src=\"https:\/\/www.expotransporte.com.ar\/wp-content\/uploads\/2017\/02\/kk-1-1920x1080.png\" alt=\"\" \/>\n<\/picture>\n<h3 id=\"depicter-27-element-35\" class=\"depicter-element depicter-layer depicter-27-element-35\" data-type=\"text\" data-wrap=\"true\" data-name=\"Text 13\" data-local-id=\"element-35\" data-offset=\"x:0px;y:50.37%;origin:tl\" data-tablet-offset=\"x:-448px;y:50.43%;origin:tl\" data-mobile-offset=\"x:-781px;y:50.41%;origin:tl\" data-width=\"1920px,1920px,1920px\" data-height=\"auto,auto,auto\" data-responsive-scale=\"true,,\">14\u00b0 Exposi\u00e7\u00e3o internacional de equipamento e<br>tecnologia do carro transporte de carga e passageiros<\/h3>\n\n<h2 id=\"depicter-27-element-36\" class=\"depicter-element depicter-layer depicter-27-element-36\" data-type=\"text\" data-wrap=\"true\" data-name=\"Text 14\" data-local-id=\"element-36\" data-offset=\"x:0px;y:40.56%;origin:tl\" data-tablet-offset=\"x:-448px;y:40.57%;origin:tl\" data-mobile-offset=\"x:-781px;y:40.54%;origin:tl\" data-width=\"1920px,1920px,1920px\" data-height=\"auto,auto,auto\" data-responsive-scale=\"true,,\">Expo Transporte<\/h2>\n\n<p id=\"depicter-27-element-37\" class=\"depicter-element depicter-layer depicter-27-element-37\" data-type=\"text\" data-wrap=\"true\" data-name=\"Text 15\" data-local-id=\"element-37\" data-offset=\"x:0px;y:31.76%;origin:tl\" data-tablet-offset=\"x:-448px;y:35.57%;origin:tl\" data-mobile-offset=\"x:-781px;y:35.54%;origin:tl\" data-width=\"1920px,1920px,1920px\" data-height=\"auto,auto,auto\" data-responsive-scale=\"true,,\">11 a 13 de Agosto 2026 - 14 a 20 h.<br>La Rural - Buenos Aires<\/p>\n\n<a href=\"https:\/\/acreditacion.expotransporte.com.ar\/web\"><button id=\"depicter-27-element-41\" class=\"depicter-element depicter-layer depicter-27-element-41\" data-type=\"button\" data-wrap=\"true\" data-name=\"Button 2\" data-local-id=\"element-41\" data-offset=\"x:825px;y:700px;origin:tl\" data-actions=\"[['openURL','click',0,{'path':'https:\\\/\\\/acreditacion.expotransporte.com.ar\\\/web','target':'_blank'}]]\" data-width=\"270px,,\" data-height=\"67px,,\" data-responsive-scale=\"true,,\"><span class=\"dp-inner-content\">PR\u00c9-ACREDITA\u00c7\u00c3O<\/span><\/button><\/a><\/div>\n<\/div>\n<script>\n(window.depicterSetups = window.depicterSetups || []).push(function(){\n\tDepicter.basePath = 'https:\/\/www.expotransporte.com.ar\/wp-content\/plugins\/depicter\/resources\/scripts\/player\/';\n\tconst dpPlayer = Depicter.setup('.depicter-27',\n\t\t{\"width\":[\"1920\",\"1024\",\"360\"],\"height\":[\"1080\",\"700\",\"740\"],\"view\":\"fade\",\"keepAspectRatio\":true,\"preload\":0,\"layout\":\"fullscreen\",\"rtl\":false,\"initAfterAppear\":false,\"ajaxApiUrl\":\"https:\\\/\\\/www.expotransporte.com.ar\\\/wp-admin\\\/admin-ajax.php\",\"viewOptions\":{\"loop\":true},\"slideshow\":{\"pauseOnHover\":false,\"autostart\":true},\"mouseSwipe\":false,\"touchSwipe\":false,\"useWatermark\":false}\n\t);\n});\n<\/script>[\/vc_column][\/vc_row][vc_row full_width=&#8221;stretch_row_content_no_spaces&#8221; css=&#8221;.vc_custom_1467965637965{padding-top: 0px !important;padding-bottom: 0px !important;background-position: 0 0 !important;background-repeat: no-repeat !important;}&#8221;][vc_column css=&#8221;.vc_custom_1449647917475{padding-top: 0px !important;}&#8221;][vc_single_image image=&#8221;8331&#8243; img_size=&#8221;full&#8221; alignment=&#8221;center&#8221;][vc_empty_space height=&#8221;48px&#8221;][\/vc_column][\/vc_row][vc_row content_placement=&#8221;middle&#8221; disable_element=&#8221;yes&#8221; css=&#8221;.vc_custom_1660742608001{padding-top: 20px !important;padding-bottom: 85px !important;padding-left: 100px !important;}&#8221;][vc_column css_animation=&#8221;fadeInLeft&#8221; width=&#8221;1\/4&#8243;][vc_column_text]<\/p>\n<p style=\"text-align: center;\"><span style=\"font-size: 18pt;\"><strong>Visite o Espa\u00e7o Busman, aproxime-se dos treinamentos com simuladores no setor de Transporte de Passageiros.<\/strong><\/span><\/p>\n<p>[\/vc_column_text][\/vc_column][vc_column css_animation=&#8221;fadeInRight&#8221; width=&#8221;3\/4&#8243;][vc_single_image image=&#8221;6524&#8243; img_size=&#8221;full&#8221; alignment=&#8221;center&#8221;][\/vc_column][\/vc_row][vc_row content_placement=&#8221;middle&#8221; disable_element=&#8221;yes&#8221; el_id=&#8221;about&#8221; css=&#8221;.vc_custom_1660742618004{padding-top: 20px !important;padding-right: 100px !important;padding-bottom: 85px !important;}&#8221;][vc_column css_animation=&#8221;fadeInLeft&#8221; width=&#8221;2\/3&#8243;][vc_single_image image=&#8221;6525&#8243; img_size=&#8221;full&#8221; alignment=&#8221;center&#8221;][\/vc_column][vc_column css_animation=&#8221;fadeInRight&#8221; width=&#8221;1\/3&#8243;][vc_column_text]<\/p>\n<p style=\"text-align: center;\"><strong><span style=\"font-size: 18pt;\">Visite o Espacio I+D, sobre as solu\u00e7\u00f5es para bajar custos e otimizar o funcionamento.<\/span><\/strong><\/p>\n<p>[\/vc_column_text][\/vc_column][\/vc_row][vc_row tz_row_type=&#8221;boxed&#8221; css=&#8221;.vc_custom_1467965377436{padding-top: 0px !important;padding-bottom: 92px !important;}&#8221;][vc_column css_animation=&#8221;fadeInDown&#8221; width=&#8221;1\/3&#8243;]\r\n    <div class=\"tz_maniva_about_meetup\">\r\n        <div class=\"tz_meetup_thumbnail\">\r\n\r\n            \r\n                <a  href=\"http:\/\/www.expotransporte.com.ar\/perfil-del-expositor\/\" title=\"Ver m\u00e1s\">\r\n                    <img loading=\"lazy\" decoding=\"async\" width=\"2560\" height=\"1707\" src=\"https:\/\/www.expotransporte.com.ar\/wp-content\/uploads\/2022\/11\/DW220809-4517-scaled.jpg\" class=\"attachment-full size-full\" alt=\"\" srcset=\"https:\/\/www.expotransporte.com.ar\/wp-content\/uploads\/2022\/11\/DW220809-4517-scaled.jpg 2560w, https:\/\/www.expotransporte.com.ar\/wp-content\/uploads\/2022\/11\/DW220809-4517-300x200.jpg 300w, https:\/\/www.expotransporte.com.ar\/wp-content\/uploads\/2022\/11\/DW220809-4517-1024x683.jpg 1024w, https:\/\/www.expotransporte.com.ar\/wp-content\/uploads\/2022\/11\/DW220809-4517-768x512.jpg 768w, https:\/\/www.expotransporte.com.ar\/wp-content\/uploads\/2022\/11\/DW220809-4517-1536x1024.jpg 1536w, https:\/\/www.expotransporte.com.ar\/wp-content\/uploads\/2022\/11\/DW220809-4517-2048x1366.jpg 2048w, https:\/\/www.expotransporte.com.ar\/wp-content\/uploads\/2022\/11\/DW220809-4517-1500x1000.jpg 1500w\" sizes=\"auto, (max-width: 2560px) 100vw, 2560px\" \/>                <\/a>\r\n\r\n            \r\n        <\/div>\r\n        <h4 >\r\n            \r\n                <a   href=\"http:\/\/www.expotransporte.com.ar\/perfil-del-expositor\/\" title=\"Ver m\u00e1s\">\r\n                    PERFIL EXPOSITOR                <\/a>\r\n\r\n                    <\/h4>\r\n        <div class=\"tz_meetup_about_content\">\r\n            <p><span style=\"font-size: 14pt;\">Empresas produtoras de bens e provedoras de servi\u00e7os, todas as solu\u00e7\u00f5es para o profissional do transporte: caminh\u00f5es, \u00f4nibus, utilit\u00e1rios, acoplados, semi-reboques, combust\u00edvel, lubrificante, pneus e muito mais. <a href=\"https:\/\/www.expotransporte.com.ar\/br\/perfil-del-expositor\/\">Veja mais<\/a><\/span><\/p>\n        <\/div>\r\n    <\/div>\r\n\r\n[\/vc_column][vc_column css_animation=&#8221;fadeInDown&#8221; width=&#8221;1\/3&#8243;]\r\n    <div class=\"tz_maniva_about_meetup\">\r\n        <div class=\"tz_meetup_thumbnail\">\r\n\r\n            \r\n                <a  href=\"http:\/\/www.expotransporte.com.ar\/perfil-del-visitante\/\" title=\"Ver m\u00e1s\">\r\n                    <img loading=\"lazy\" decoding=\"async\" width=\"2560\" height=\"1707\" src=\"https:\/\/www.expotransporte.com.ar\/wp-content\/uploads\/2022\/11\/DW220810-5240-scaled.jpg\" class=\"attachment-full size-full\" alt=\"\" srcset=\"https:\/\/www.expotransporte.com.ar\/wp-content\/uploads\/2022\/11\/DW220810-5240-scaled.jpg 2560w, https:\/\/www.expotransporte.com.ar\/wp-content\/uploads\/2022\/11\/DW220810-5240-300x200.jpg 300w, https:\/\/www.expotransporte.com.ar\/wp-content\/uploads\/2022\/11\/DW220810-5240-1024x683.jpg 1024w, https:\/\/www.expotransporte.com.ar\/wp-content\/uploads\/2022\/11\/DW220810-5240-768x512.jpg 768w, https:\/\/www.expotransporte.com.ar\/wp-content\/uploads\/2022\/11\/DW220810-5240-1536x1024.jpg 1536w, https:\/\/www.expotransporte.com.ar\/wp-content\/uploads\/2022\/11\/DW220810-5240-2048x1366.jpg 2048w, https:\/\/www.expotransporte.com.ar\/wp-content\/uploads\/2022\/11\/DW220810-5240-1500x1000.jpg 1500w\" sizes=\"auto, (max-width: 2560px) 100vw, 2560px\" \/>                <\/a>\r\n\r\n            \r\n        <\/div>\r\n        <h4 >\r\n            \r\n                <a   href=\"http:\/\/www.expotransporte.com.ar\/perfil-del-visitante\/\" title=\"Ver m\u00e1s\">\r\n                    PERFIL VISITANTE                <\/a>\r\n\r\n                    <\/h4>\r\n        <div class=\"tz_meetup_about_content\">\r\n            <p><span style=\"font-size: 14pt;\">Mais de 24.000 profissionais que lhe d\u00e3o vida ai transporte e \u00e0 log\u00edstica. As diferentes especialidades de transporte e distribui\u00e7\u00e3o presentes no mesmo lugar: visitantes profissionais de todo o pa\u00eds e da regi\u00e3o. <a href=\"https:\/\/www.expotransporte.com.ar\/br\/perfil-del-visitante\/\">Veja mais<\/a><\/span><\/p>\n        <\/div>\r\n    <\/div>\r\n\r\n[\/vc_column][vc_column css_animation=&#8221;fadeInDown&#8221; width=&#8221;1\/3&#8243;]\r\n    <div class=\"tz_maniva_about_meetup\">\r\n        <div class=\"tz_meetup_thumbnail\">\r\n\r\n            \r\n                <a target=\"_blank\" href=\"http:\/%www.expotransporte.com.ar\/la-expo-en-numeros\/\" title=\"Ver m\u00e1s\">\r\n                    <img loading=\"lazy\" decoding=\"async\" width=\"2560\" height=\"1707\" src=\"https:\/\/www.expotransporte.com.ar\/wp-content\/uploads\/2022\/11\/DW220811-5750-scaled.jpg\" class=\"attachment-full size-full\" alt=\"\" srcset=\"https:\/\/www.expotransporte.com.ar\/wp-content\/uploads\/2022\/11\/DW220811-5750-scaled.jpg 2560w, https:\/\/www.expotransporte.com.ar\/wp-content\/uploads\/2022\/11\/DW220811-5750-300x200.jpg 300w, https:\/\/www.expotransporte.com.ar\/wp-content\/uploads\/2022\/11\/DW220811-5750-1024x683.jpg 1024w, https:\/\/www.expotransporte.com.ar\/wp-content\/uploads\/2022\/11\/DW220811-5750-768x512.jpg 768w, https:\/\/www.expotransporte.com.ar\/wp-content\/uploads\/2022\/11\/DW220811-5750-1536x1024.jpg 1536w, https:\/\/www.expotransporte.com.ar\/wp-content\/uploads\/2022\/11\/DW220811-5750-2048x1366.jpg 2048w, https:\/\/www.expotransporte.com.ar\/wp-content\/uploads\/2022\/11\/DW220811-5750-1500x1000.jpg 1500w\" sizes=\"auto, (max-width: 2560px) 100vw, 2560px\" \/>                <\/a>\r\n\r\n            \r\n        <\/div>\r\n        <h4 >\r\n            \r\n                <a  target=\"_blank\" href=\"http:\/%www.expotransporte.com.ar\/la-expo-en-numeros\/\" title=\"Ver m\u00e1s\">\r\n                    A EXPO EM N\u00daMEROS                <\/a>\r\n\r\n                    <\/h4>\r\n        <div class=\"tz_meetup_about_content\">\r\n            <p><span style=\"font-size: 14pt;\">O 98% dos Expositores satisfeitos com a qualidade dos visitantes da Expo Transporte 2024 &#8211; <a href=\"https:\/\/www.expotransporte.com.ar\/br\/a-expo-em-numeros\/\">Veja mais <\/a><\/span><\/p>\n<p><span style=\"font-size: 14pt;\">O 89% dos Visitantes da Expo Transporte 2024 participam da decis\u00e3o de compra &#8211; <\/span><a href=\"https:\/\/www.expotransporte.com.ar\/br\/a-expo-em-numeros\/\"><span style=\"font-size: 14pt;\">Veja mais<\/span> <\/a><\/p>\n        <\/div>\r\n    <\/div>\r\n\r\n[\/vc_column][\/vc_row][vc_row equal_height=&#8221;yes&#8221; parallax=&#8221;content-moving&#8221; css=&#8221;.vc_custom_1467965393026{padding-top: 0px !important;padding-bottom: 0px !important;}&#8221;][vc_column width=&#8221;1\/2&#8243; check_width=&#8221;1&#8243; responsiveness_padding=&#8221;1&#8243; type=&#8221;right_position&#8221; css=&#8221;.vc_custom_1489669668530{padding-top: 75px !important;padding-right: 55px !important;padding-bottom: 81px !important;padding-left: 0px !important;background-color: #F7BD14 !important;}&#8221; offset=&#8221;vc_col-md-offset-0 vc_col-sm-offset-0 vc_col-xs-12&#8243;]\r\n        <div class=\"tz_maniva_meetup_title tz_meetup_video_text tz_text_align_right\">\r\n\r\n            \r\n                <h3 class=\"tz_meetup_general_title\" >\r\n                    MAIS SOBRE A <em>EXPO TRANSPORTE<\/em>                <\/h3>\r\n\r\n            \r\n            \r\n            \r\n            <span class=\"tz_meetup_video_sub_title\" style=\"color:#0bb200\">\r\n                \r\n                14\u00b0 EXPOSI\u00c7\u00c3O INTERNACIONAL DE EQUIPAMENTO E TECNOLOGIA DO CARRO TRANSPORTE DE CARGA E PASSAGEIROS\r\n                                <i class=\"fa fa-check\" ><\/i>\r\n                \r\n                <span class=\"tz_meetup_video_sub_title_line\" ><\/span>\r\n\r\n            <\/span>\r\n\r\n            \r\n            \r\n                <div class=\"tz_meetup_content\">\r\n                    <p>Expo Transporte \u00e9 uma das respostas \u00e0s necessidades concretas do setor do transporte e da log\u00edstica, um espa\u00e7o de networking, neg\u00f3cios e atualiza\u00e7\u00e3o.<\/p>\n<p>Na Expo Transporte o profissional do setor achar\u00e1 a maior quantidade de produtos e servi\u00e7os que permitam lhe expandir ser neg\u00f3cio e desenvolver sua tarefa eficientemente.<\/p>\n<p>\u00c9 o encontro cara a cara dos Profissionais do Transporte de cargas e passageiros com o din\u00e2mico mundo de seus provedores.<\/p>\n                <\/div>\r\n\r\n            \r\n            \r\n                <a class=\"tz_btn_video_meetup tz_meetup_default\" href=\"https:\/\/www.expotransporte.com.ar\/brochure\/\" target=\"_blank\" >\r\n                    DESCARREGAR FOLHETO                <\/a>\r\n\r\n            \r\n            \r\n        <\/div>\r\n\r\n    [\/vc_column][vc_column width=&#8221;1\/2&#8243; css=&#8221;.vc_custom_1449887056342{padding-top: 0px !important;padding-right: 0px !important;padding-left: 0px !important;background-position: center !important;background-repeat: no-repeat !important;background-size: cover !important;}&#8221; offset=&#8221;vc_col-md-offset-0 vc_col-sm-offset-0 vc_col-xs-12&#8243;]\r\n    <div class=\"tz_video_meetup tz_video_equal_height_meetup\">\r\n        <img loading=\"lazy\" decoding=\"async\" width=\"500\" height=\"500\" src=\"https:\/\/www.expotransporte.com.ar\/wp-content\/uploads\/2015\/09\/expotransporte-2016-6784.jpg\" class=\"attachment-full size-full\" alt=\"\" srcset=\"https:\/\/www.expotransporte.com.ar\/wp-content\/uploads\/2015\/09\/expotransporte-2016-6784.jpg 500w, https:\/\/www.expotransporte.com.ar\/wp-content\/uploads\/2015\/09\/expotransporte-2016-6784-150x150.jpg 150w, https:\/\/www.expotransporte.com.ar\/wp-content\/uploads\/2015\/09\/expotransporte-2016-6784-300x300.jpg 300w\" sizes=\"auto, (max-width: 500px) 100vw, 500px\" \/>\r\n            <div class=\"tz_bk_video\" ><\/div>\r\n\r\n        \r\n        <div class=\"tz_btn_play_video\">\r\n\r\n                            <a class=\"easy-opener tz_btn_easy\" data-type=\"video\" data-width=\"500\" data-height=\"281\" href=\"\/\/www.youtube.com\/embed\/TNCvCgyqBSk\">\r\n                    <i class=\"fa fa-play\"><\/i>\r\n                <\/a>\r\n            \r\n        <\/div>\r\n    <\/div>\r\n\r\n[\/vc_column][\/vc_row][vc_row tz_row_type=&#8221;boxed&#8221; css=&#8221;.vc_custom_1467965403874{padding-top: 83px !important;padding-bottom: 95px !important;}&#8221; el_class=&#8221;tz_custom_meetup_padding&#8221;][vc_column width=&#8221;1\/3&#8243; offset=&#8221;vc_col-xs-6&#8243;]    <div class=\"tz-counter tzCounter_type\">\r\n\r\n        \r\n            <div class=\"tz-counter-font\">\r\n                <i class=\"fa fa-users\" style=\"color:#f7bd14\"><\/i>\r\n            <\/div>\r\n\r\n        \r\n        <span class=\"tz-counter-number\">\r\n            <em class=\"stat-count\" data-number-speed=\"20\" data-stop-count=\"0\" >\r\n                24780            <\/em>\r\n        <\/span>\r\n        <p class=\"tz-counter-title\" >\r\n            VISITANTES        <\/p>\r\n\r\n    <\/div>\r\n    [\/vc_column][vc_column width=&#8221;1\/3&#8243; offset=&#8221;vc_col-xs-6&#8243;]    <div class=\"tz-counter tzCounter_type\">\r\n\r\n        \r\n            <div class=\"tz-counter-font\">\r\n                <i class=\"fa fa-users\" style=\"color:#f7bd14\"><\/i>\r\n            <\/div>\r\n\r\n        \r\n        <span class=\"tz-counter-number\">\r\n            <em class=\"stat-count\" data-number-speed=\"5\" data-stop-count=\"0\" >\r\n                354            <\/em>\r\n        <\/span>\r\n        <p class=\"tz-counter-title\" >\r\n            EXPOSITORES        <\/p>\r\n\r\n    <\/div>\r\n    [\/vc_column][vc_column width=&#8221;1\/3&#8243; offset=&#8221;vc_col-xs-6&#8243;]    <div class=\"tz-counter tzCounter_type\">\r\n\r\n        \r\n            <div class=\"tz-counter-font\">\r\n                <i class=\"fa fa-building\" style=\"color:#f7bd14\"><\/i>\r\n            <\/div>\r\n\r\n        \r\n        <span class=\"tz-counter-number\">\r\n            <em class=\"stat-count\" data-number-speed=\"20\" data-stop-count=\"0\" >\r\n                25000            <\/em>\r\n        <\/span>\r\n        <p class=\"tz-counter-title\" >\r\n            M2        <\/p>\r\n\r\n    <\/div>\r\n    [\/vc_column][\/vc_row][vc_row tz_row_type=&#8221;boxed&#8221; css=&#8221;.vc_custom_1777381949379{padding-top: 0px !important;padding-bottom: 104px !important;}&#8221; el_class=&#8221;tz_custom_style_text&#8221; el_id=&#8221;register&#8221;][vc_column width=&#8221;9\/12&#8243;][vc_column_text]<\/p>\n<h3 style=\"text-align: left;\"><span style=\"color: #f7bd14;\">Acredita\u00e7\u00e3o previa<\/span><\/h3>\n<p>Os visitantes da Expo Transporte 2026 podem visitar a expo de gra\u00e7a.[\/vc_column_text][\/vc_column][vc_column width=&#8221;3\/12&#8243;][vc_empty_space height=&#8221;16px&#8221;]\r\n    <div class=\"tz_meetup_btn text-center  \" >\r\n\r\n        \r\n        \r\n            <a class=\"tz_meetup_default\" target=\"_blank\" href=\"https:\/\/acreditacion.expotransporte.com.ar\/web\" >\r\n                ACREDITA\u00c7\u00c3O PREVIA\r\n                \r\n            <\/a>\r\n\r\n        \r\n    <\/div>\r\n\r\n[\/vc_column][\/vc_row][vc_row css=&#8221;.vc_custom_1716409412714{padding-top: 85px !important;padding-bottom: 70px !important;background-color: #f7bd14 !important;}&#8221;][vc_column css=&#8221;.vc_custom_1449713343356{padding-top: 0px !important;padding-right: 0px !important;padding-left: 0px !important;}&#8221;]\r\n        <div class=\"tz_maniva_meetup_title tz_maniva_meetup_title_type3\">\r\n            <h3 >\r\n\r\n                <span  class=\"tz_title_line_left\"><\/span>\r\n\r\n                SOME SE AO PRINCIPAL EVENTO DE TRANSPORTE\r\n                <span  class=\"tz_title_line_right\"><\/span>\r\n\r\n            <\/h3>\r\n        <\/div>\r\n\r\n[\/vc_column][\/vc_row][vc_row tz_row_type=&#8221;boxed&#8221; disable_element=&#8221;yes&#8221; css=&#8221;.vc_custom_1564424368140{padding-top: 84px !important;padding-bottom: 135px !important;background-image: url(http:\/\/www.expotransporte.com.ar\/wp-content\/uploads\/2015\/09\/conferencia-tp.jpg?id=4987) !important;background-position: center !important;background-repeat: no-repeat !important;background-size: cover !important;}&#8221; el_id=&#8221;agenda&#8221; el_class=&#8221;tz_custom_meetup_padding_2&#8243;][vc_column css=&#8221;.vc_custom_1449713301637{padding-top: 0px !important;padding-right: 0px !important;padding-left: 0px !important;}&#8221;]\r\n    <div class=\"tz_maniva_meetup_title  tz_text_align_center\">\r\n\r\n        \r\n            <h3 style=\"color:#ffffff\">\r\n                AGENDA DE CONFER\u00caCIA DA <em>EXPO TRANSPORTE<\/em>            <\/h3>\r\n\r\n                \r\n        \r\n            <div class=\"tz_image_title_meetup\">\r\n                <img loading=\"lazy\" decoding=\"async\" width=\"70\" height=\"5\" src=\"https:\/\/www.expotransporte.com.ar\/wp-content\/uploads\/2015\/09\/inline-title.jpg\" class=\"attachment-full size-full\" alt=\"\" \/>            <\/div>\r\n            \r\n                \r\n        \r\n        \r\n    <\/div>\r\n\r\n    [vc_empty_space height=&#8221;48px&#8221; el_class=&#8221;tz_custom_height_empty&#8221;][vc_column_text]<\/p>\n<p style=\"text-align: center;\"><span style=\"font-size: 18pt; color: #fff;\"><em>COME\u00c7ANDO EM BREVE<\/em><\/span><\/p>\n<p>[\/vc_column_text][vc_empty_space height=&#8221;50px&#8221; el_class=&#8221;tz_custom_height_empty_2&#8243;]\r\n    <div class=\"tz_meetup_btn text-center tz_custom_btn_padding \" style=\"padding:0\">\r\n\r\n        \r\n        \r\n            <a class=\"tz_meetup_default\"  href=\"http:\/\/www.expotransporte.com.ar\/wp-content\/uploads\/2017\/03\/BROCHURE_TP16_web1.pdf\" >\r\n                PDF BROCHURE\r\n                                    <i class=\"fa fa-download\"><\/i>\r\n                \r\n            <\/a>\r\n\r\n        \r\n    <\/div>\r\n\r\n[\/vc_column][\/vc_row][vc_row disable_element=&#8221;yes&#8221; row_hyphen=&#8221;1&#8243; css=&#8221;.vc_custom_1564424461744{padding-top: 75px !important;padding-bottom: 80px !important;background-color: #50b349 !important;}&#8221; el_class=&#8221;tz_meetup_custom_color&#8221; color_hyphenbg=&#8221;#50b349&#8243;][vc_column]\r\n    <div class=\"tz_meetup_btn text-center  \" >\r\n\r\n        \r\n        <h4 class=\"tz_meetup_title_btn\" >\r\n            ACREDITE SE AGORA PARA VISITA A EXPO TRANSPORTE 2020 DE GRA\u00c7A        <\/h4>\r\n\r\n        \r\n        \r\n            <a class=\"tz_meetup_btn_white\" target=\"_blank\" href=\"http:\/\/www.expotrade.com.ar\/aol\/aol.php?expotransporte2020&amp;web\" >\r\n                ACREDITA\u00c7\u00c3O PREVIA\r\n                \r\n            <\/a>\r\n\r\n        \r\n    <\/div>\r\n\r\n[\/vc_column][\/vc_row][vc_row tz_row_type=&#8221;boxed&#8221; css=&#8221;.vc_custom_1501697090496{padding-top: 113px !important;padding-bottom: 80px !important;}&#8221; tz_overlay_parallax=&#8221;rgba(255,255,255,0.92)&#8221; el_id=&#8221;faq&#8221; el_class=&#8221;tz_custom_meetup_padding_2&#8243;][vc_column]\r\n    <div class=\"tz_maniva_meetup_title  tz_text_align_center\">\r\n\r\n        \r\n            <h3 >\r\n                PERGUNTAS FREQ\u00dcENTES            <\/h3>\r\n\r\n                \r\n        \r\n            <div class=\"tz_image_title_meetup\">\r\n                <img loading=\"lazy\" decoding=\"async\" width=\"70\" height=\"5\" src=\"https:\/\/www.expotransporte.com.ar\/wp-content\/uploads\/2015\/09\/inline-title.jpg\" class=\"attachment-full size-full\" alt=\"\" \/>            <\/div>\r\n            \r\n                \r\n        \r\n        \r\n    <\/div>\r\n\r\n    [vc_empty_space height=&#8221;66px&#8221; el_class=&#8221;tz_custom_height_empty&#8221;][vc_row_inner][vc_column_inner width=&#8221;1\/4&#8243;]\r\n    <div class=\"tz_meetup_ask_question\">\r\n        <div class=\"tz_meetup_question\">\r\n            <span class=\"tz_icon_meetup_question\">\r\n                <i class=\"fa fa-question \" ><\/i>\r\n            <\/span>\r\n\r\n            <h4 >\r\n                Como posso chegar \u00e0 Expo?            <\/h4>\r\n        <\/div>\r\n        <div class=\"tz_meetup_ask\">\r\n            <p>O pr\u00e9dio Ferial La Rural fica no bairro de Palermo da Cidade de Buenos Aires e fica rodeada pelas Avenidas Sarmiento, Col\u00f4mbia e Santa F\u00e9 e a Rua Fray Justo Santa Maria de Oro.\u00a0<a href=\"https:\/\/www.expotransporte.com.ar\/br\/como-chegar\/\">Mais informa\u00e7\u00f5es sobre como chegar l\u00e1<\/a>.<\/p>\n        <\/div>\r\n    <\/div>\r\n\r\n[\/vc_column_inner][vc_column_inner width=&#8221;1\/4&#8243;]\r\n    <div class=\"tz_meetup_ask_question\">\r\n        <div class=\"tz_meetup_question\">\r\n            <span class=\"tz_icon_meetup_question\">\r\n                <i class=\"fa fa-question \" ><\/i>\r\n            <\/span>\r\n\r\n            <h4 >\r\n                Qual \u00e9 o perfil do expositor?            <\/h4>\r\n        <\/div>\r\n        <div class=\"tz_meetup_ask\">\r\n            <p>Empresas de produtos e servi\u00e7os para o transporte de cargas e passageiros: caminh\u00f5es, \u00f4nibus, utilit\u00e1rios, acoplados, semi-reboques, combust\u00edvel, lubrificante, pneus e muito mais.\u00a0<a href=\"https:\/\/www.expotransporte.com.ar\/br\/perfil-del-expositor\/\">Veja mais<\/a>.<\/p>\n        <\/div>\r\n    <\/div>\r\n\r\n[\/vc_column_inner][vc_column_inner width=&#8221;1\/4&#8243;]\r\n    <div class=\"tz_meetup_ask_question\">\r\n        <div class=\"tz_meetup_question\">\r\n            <span class=\"tz_icon_meetup_question\">\r\n                <i class=\"fa fa-question \" ><\/i>\r\n            <\/span>\r\n\r\n            <h4 >\r\n                Qual \u00e9 o perfil dos visitantes?            <\/h4>\r\n        <\/div>\r\n        <div class=\"tz_meetup_ask\">\r\n            <p>Expo Transporte recebe visitantes de todo o pa\u00eds e da regi\u00e3o: as diferentes especialidades de transporte de cargas e passageiros por estrada.\u00a0<a href=\"https:\/\/www.expotransporte.com.ar\/br\/perfil-del-visitante\/\">Veja mais<\/a>.<\/p>\n        <\/div>\r\n    <\/div>\r\n\r\n[\/vc_column_inner][vc_column_inner width=&#8221;1\/4&#8243;]\r\n    <div class=\"tz_meetup_ask_question\">\r\n        <div class=\"tz_meetup_question\">\r\n            <span class=\"tz_icon_meetup_question\">\r\n                <i class=\"fa fa-question \" ><\/i>\r\n            <\/span>\r\n\r\n            <h4 >\r\n                \u00c9 completamente de gra\u00e7a o ingresso para visitadores?            <\/h4>\r\n        <\/div>\r\n        <div class=\"tz_meetup_ask\">\r\n            <p>Sim, o ingresso na Expo Transporte \u00e9 completamente de gra\u00e7a para os visitadores profissionais.<br \/>\nSolicita-se uma inscri\u00e7\u00e3o previa online ou com convite na Exposi\u00e7\u00e3o.<\/p>\n        <\/div>\r\n    <\/div>\r\n\r\n[\/vc_column_inner][\/vc_row_inner][\/vc_column][\/vc_row][vc_row equal_height=&#8221;yes&#8221; parallax=&#8221;content-moving&#8221; css=&#8221;.vc_custom_1489673307406{padding-top: 0px !important;padding-right: 0px !important;padding-bottom: 0px !important;padding-left: 0px !important;}&#8221; el_id=&#8221;Contact&#8221;][vc_column css=&#8221;.vc_custom_1449804598032{padding-top: 0px !important;padding-right: 0px !important;padding-bottom: 0px !important;padding-left: 0px !important;}&#8221;]\r\n    <div class=\"tz_maniva_meetup_title  tz_text_align_center\">\r\n\r\n        \r\n            <h3 >\r\n                ONDE FICA A EXPO:            <\/h3>\r\n\r\n                \r\n        \r\n            <div class=\"tz_image_title_meetup\">\r\n                <img loading=\"lazy\" decoding=\"async\" width=\"70\" height=\"5\" src=\"https:\/\/www.expotransporte.com.ar\/wp-content\/uploads\/2015\/09\/inline-title.jpg\" class=\"attachment-full size-full\" alt=\"\" \/>            <\/div>\r\n            \r\n                \r\n        \r\n        \r\n    <\/div>\r\n\r\n    [vc_separator color=&#8221;custom&#8221; accent_color=&#8221;#F7BD14&#8243;][\/vc_column][\/vc_row][vc_row][vc_column width=&#8221;1\/2&#8243;][vc_gmaps link=&#8221;#E-8_JTNDaWZyYW1lJTIwbWFyZ2luaGVpZ2h0JTNEJTIyMCUyMiUyMG1hcmdpbndpZHRoJTNEJTIyMCUyMiUyMHNjcm9sbGluZyUzRCUyMm5vJTIyJTIwc3JjJTNEJTIyaHR0cHMlM0ElMkYlMkZ3d3cuZ29vZ2xlLmNvbSUyRm1hcHMlMkZlbWJlZCUzRnBiJTNEJTIxMW0xOCUyMTFtMTIlMjExbTMlMjExZDMyODQuOTYwMjYwMTMzOTQwNyUyMTJkLTU4LjQyMjc2MzU4NDc3MDkyJTIxM2QtMzQuNTc5ODcyMDgwNDY1NjUlMjEybTMlMjExZjAlMjEyZjAlMjEzZjAlMjEzbTIlMjExaTEwMjQlMjEyaTc2OCUyMTRmMTMuMSUyMTNtMyUyMTFtMiUyMTFzMHg5NWJjYjU5Y2Q2NDUyNTUzJTI1M0EweDZiNTIxMzA3ZDEzNTA1OWElMjEyc0xhJTJCUnVyYWwlMjE1ZTAlMjEzbTIlMjExc2VuJTIxMnNhciUyMTR2MTUwMTE3Mzk5MzY3NSUyMiUyMHdpZHRoJTNEJTIyMTAwJTI1JTIyJTIwaGVpZ2h0JTNEJTIyNDAwJTIyJTIwZnJhbWVib3JkZXIlM0QlMjIwJTIyJTNFJTNDJTJGaWZyYW1lJTNF&#8221;][\/vc_column][vc_column width=&#8221;1\/2&#8243;][vc_custom_heading text=&#8221;Expo Transporte&#8221; font_container=&#8221;tag:h3|text_align:center|color:%2350b349&#8243; use_theme_fonts=&#8221;yes&#8221;][vc_column_text]<\/p>\n<p style=\"text-align: center;\">Agosto 2026<\/p>\n<p>[\/vc_column_text][vc_empty_space][vc_separator color=&#8221;custom&#8221; el_width=&#8221;50&#8243; accent_color=&#8221;#F7BD14&#8243;][vc_empty_space][vc_custom_heading text=&#8221;Endere\u00e7o&#8221; font_container=&#8221;tag:h3|text_align:center|color:%2350b349&#8243; use_theme_fonts=&#8221;yes&#8221;][vc_column_text]<\/p>\n<p style=\"text-align: center;\">LA RURAL\u200e<br \/>\nAV. SARMIENTO 2704 &#8211; CABA<br \/>\n1425 BUENOS AIRES<\/p>\n<p>[\/vc_column_text][vc_empty_space][vc_separator color=&#8221;custom&#8221; el_width=&#8221;50&#8243; accent_color=&#8221;#F7BD14&#8243;][vc_empty_space][\/vc_column][\/vc_row]<\/p>\n<\/div>","protected":false},"excerpt":{"rendered":"<p>[vc_row full_width=&#8221;stretch_row_content_no_spaces&#8221; css=&#8221;.vc_custom_1713273726308{padding-top: 0px !important;padding-bottom: 0px !important;background-position: 0 0 !important;background-repeat: no-repeat !important;}&#8221;][vc_column css=&#8221;.vc_custom_1713273737365{padding-top: 0px !important;}&#8221; offset=&#8221;vc_hidden-lg vc_hidden-md vc_hidden-sm&#8221;][\/vc_column][\/vc_row][vc_row full_width=&#8221;stretch_row_content_no_spaces&#8221; css=&#8221;.vc_custom_1467965637965{padding-top: 0px !important;padding-bottom: 0px !important;background-position: 0 0 !important;background-repeat: no-repeat !important;}&#8221; el_id=&#8221;home&#8221;][vc_column css=&#8221;.vc_custom_1713273828242{padding-top: 0px !important;}&#8221; offset=&#8221;vc_hidden-xs&#8221;][\/vc_column][\/vc_row][vc_row full_width=&#8221;stretch_row_content_no_spaces&#8221; css=&#8221;.vc_custom_1467965637965{padding-top: 0px !important;padding-bottom: 0px !important;background-position: 0 0 !important;background-repeat: no-repeat !important;}&#8221;][vc_column css=&#8221;.vc_custom_1449647917475{padding-top: 0px !important;}&#8221;][vc_single_image image=&#8221;8331&#8243; img_size=&#8221;full&#8221; [&hellip;]<\/p>\n","protected":false},"author":1,"featured_media":0,"parent":0,"menu_order":0,"comment_status":"closed","ping_status":"closed","template":"template-homepage.php","meta":{"_joinchat":[],"footnotes":""},"class_list":["post-5095","page","type-page","status-publish","hentry"],"_links":{"self":[{"href":"https:\/\/www.expotransporte.com.ar\/br\/wp-json\/wp\/v2\/pages\/5095","targetHints":{"allow":["GET"]}}],"collection":[{"href":"https:\/\/www.expotransporte.com.ar\/br\/wp-json\/wp\/v2\/pages"}],"about":[{"href":"https:\/\/www.expotransporte.com.ar\/br\/wp-json\/wp\/v2\/types\/page"}],"author":[{"embeddable":true,"href":"https:\/\/www.expotransporte.com.ar\/br\/wp-json\/wp\/v2\/users\/1"}],"replies":[{"embeddable":true,"href":"https:\/\/www.expotransporte.com.ar\/br\/wp-json\/wp\/v2\/comments?post=5095"}],"version-history":[{"count":42,"href":"https:\/\/www.expotransporte.com.ar\/br\/wp-json\/wp\/v2\/pages\/5095\/revisions"}],"predecessor-version":[{"id":8483,"href":"https:\/\/www.expotransporte.com.ar\/br\/wp-json\/wp\/v2\/pages\/5095\/revisions\/8483"}],"wp:attachment":[{"href":"https:\/\/www.expotransporte.com.ar\/br\/wp-json\/wp\/v2\/media?parent=5095"}],"curies":[{"name":"wp","href":"https:\/\/api.w.org\/{rel}","templated":true}]}}